{"id":818,"date":"2025-01-04T15:54:15","date_gmt":"2025-01-04T23:54:15","guid":{"rendered":"https:\/\/aamnation.com\/?page_id=818"},"modified":"2025-03-26T19:07:27","modified_gmt":"2025-03-27T02:07:27","slug":"aam-uam-careers","status":"publish","type":"page","link":"https:\/\/aamnation.com\/pl\/aam-uam-careers\/","title":{"rendered":"Kariera w AAM i UAM"},"content":{"rendered":"<div data-elementor-type=\"wp-page\" data-elementor-id=\"818\" class=\"elementor elementor-818\" data-elementor-post-type=\"page\">\n\t\t\t\t<div class=\"elementor-element elementor-element-c302971 e-flex e-con-boxed e-con e-parent\" data-id=\"c302971\" data-element_type=\"container\" data-e-type=\"container\">\n\t\t\t\t\t<div class=\"e-con-inner\">\n\t\t\t\t<div class=\"elementor-element elementor-element-ddd54a3 elementor-widget elementor-widget-video\" data-id=\"ddd54a3\" data-element_type=\"widget\" data-e-type=\"widget\" data-settings=\"{&quot;youtube_url&quot;:&quot;https:\\\/\\\/youtu.be\\\/Zns_n5CZBhg?si=WhkW2894PjXgY7CI&quot;,&quot;video_type&quot;:&quot;youtube&quot;,&quot;controls&quot;:&quot;yes&quot;}\" data-widget_type=\"video.default\">\n\t\t\t\t<div class=\"elementor-widget-container\">\n\t\t\t\t\t\t\t<div class=\"elementor-wrapper elementor-open-inline\">\n\t\t\t<div class=\"elementor-video\"><\/div>\t\t<\/div>\n\t\t\t\t\t\t<\/div>\n\t\t\t\t<\/div>\n\t\t\t\t\t<\/div>\n\t\t\t\t<\/div>\n\t\t<div class=\"elementor-element elementor-element-f5e5c02 e-flex e-con-boxed e-con e-parent\" data-id=\"f5e5c02\" data-element_type=\"container\" data-e-type=\"container\">\n\t\t\t\t\t<div class=\"e-con-inner\">\n\t\t\t\t<div class=\"elementor-element elementor-element-87c1045 elementor--h-position-center elementor--v-position-middle elementor-arrows-position-inside elementor-pagination-position-inside elementor-widget elementor-widget-slides\" data-id=\"87c1045\" data-element_type=\"widget\" data-e-type=\"widget\" data-settings=\"{&quot;transition&quot;:&quot;fade&quot;,&quot;navigation&quot;:&quot;both&quot;,&quot;autoplay&quot;:&quot;yes&quot;,&quot;pause_on_hover&quot;:&quot;yes&quot;,&quot;pause_on_interaction&quot;:&quot;yes&quot;,&quot;autoplay_speed&quot;:5000,&quot;transition_speed&quot;:500}\" data-widget_type=\"slides.default\">\n\t\t\t\t<div class=\"elementor-widget-container\">\n\t\t\t\t\t\t\t\t\t<div class=\"elementor-swiper\">\n\t\t\t\t\t<div class=\"elementor-slides-wrapper elementor-main-swiper swiper\" role=\"region\" aria-roledescription=\"carousel\" aria-label=\"Slajdy\" dir=\"ltr\" data-animation=\"zoomIn\">\n\t\t\t\t<div class=\"swiper-wrapper elementor-slides\">\n\t\t\t\t\t\t\t\t\t\t<div class=\"elementor-repeater-item-88319ff swiper-slide\" role=\"group\" aria-roledescription=\"slide\"><div class=\"swiper-slide-bg\" role=\"img\" aria-label=\"Airbus Fully Electric CityAirbus NextGen eVTOL\"><\/div><div class=\"swiper-slide-inner\" ><div class=\"swiper-slide-contents\"><div class=\"elementor-slide-heading\">Exclusive AAM & UAM Career Events<\/div><div class=\"elementor-slide-description\">Engage directly with industry leaders at our AAM & UAM Career Expo and Career Fairs, where innovation meets opportunity. These events inspire growth, collaboration, and meaningful connections.<\/div><div  class=\"elementor-button elementor-slide-button elementor-size-sm\">Kliknij tutaj<\/div><\/div><\/div><\/div><div class=\"elementor-repeater-item-4003089 swiper-slide\" role=\"group\" aria-roledescription=\"slide\"><div class=\"swiper-slide-bg\" role=\"img\" aria-label=\"AAM &amp; UAM Careers BETA Technologies Manufacturing\"><\/div><div class=\"swiper-slide-inner\" ><div class=\"swiper-slide-contents\"><div class=\"elementor-slide-heading\"> AAM Career and Job Board<\/div><div class=\"elementor-slide-description\">At AAM Nation's Career and Job Board, we are building the workforce that will redefine how the world travels worldwide.<\/div><div  class=\"elementor-button elementor-slide-button elementor-size-sm\">Kliknij tutaj<\/div><\/div><\/div><\/div><div class=\"elementor-repeater-item-8a017c8 swiper-slide\" role=\"group\" aria-roledescription=\"slide\"><div class=\"swiper-slide-bg\" role=\"img\" aria-label=\"AAM &amp; UAM Careers\"><\/div><div class=\"swiper-slide-inner\" ><div class=\"swiper-slide-contents\"><div class=\"elementor-slide-heading\">Recruitment Partners<\/div><div class=\"elementor-slide-description\">AAM Nation recruitment partners believe in the same vision in helping and providing full support throughout the entire hiring process.<\/div><div  class=\"elementor-button elementor-slide-button elementor-size-sm\">Kliknij tutaj<\/div><\/div><\/div><\/div><div class=\"elementor-repeater-item-19c84ce swiper-slide\" role=\"group\" aria-roledescription=\"slide\"><div class=\"swiper-slide-bg\" role=\"img\" aria-label=\"Lilium Engineering-Tech Support\"><\/div><div class=\"swiper-slide-inner\" ><div class=\"swiper-slide-contents\"><div class=\"elementor-slide-heading\">AAM & UAM Workforce <\/div><div class=\"elementor-slide-description\">Shaping the Future of Advanced Air Mobility Careers and bridging the gap between leading AAM companies and top-tier talent.<\/div><div  class=\"elementor-button elementor-slide-button elementor-size-sm\">Kliknij tutaj<\/div><\/div><\/div><\/div>\t\t\t\t<\/div>\n\t\t\t\t\t\t\t\t\t\t\t\t\t\t\t<div class=\"elementor-swiper-button elementor-swiper-button-prev\" role=\"button\" tabindex=\"0\" aria-label=\"Poprzedni slajd\">\n\t\t\t\t\t\t\t<svg aria-hidden=\"true\" class=\"e-font-icon-svg e-eicon-chevron-left\" viewbox=\"0 0 1000 1000\" xmlns=\"http:\/\/www.w3.org\/2000\/svg\"><path d=\"M646 125C629 125 613 133 604 142L308 442C296 454 292 471 292 487 292 504 296 521 308 533L604 854C617 867 629 875 646 875 663 875 679 871 692 858 704 846 713 829 713 812 713 796 708 779 692 767L438 487 692 225C700 217 708 204 708 187 708 171 704 154 692 142 675 129 663 125 646 125Z\"><\/path><\/svg>\t\t\t\t\t\t<\/div>\n\t\t\t\t\t\t<div class=\"elementor-swiper-button elementor-swiper-button-next\" role=\"button\" tabindex=\"0\" aria-label=\"Nast\u0119pny slajd\">\n\t\t\t\t\t\t\t<svg aria-hidden=\"true\" class=\"e-font-icon-svg e-eicon-chevron-right\" viewbox=\"0 0 1000 1000\" xmlns=\"http:\/\/www.w3.org\/2000\/svg\"><path d=\"M696 533C708 521 713 504 713 487 713 471 708 454 696 446L400 146C388 133 375 125 354 125 338 125 325 129 313 142 300 154 292 171 292 187 292 204 296 221 308 233L563 492 304 771C292 783 288 800 288 817 288 833 296 850 308 863 321 871 338 875 354 875 371 875 388 867 400 854L696 533Z\"><\/path><\/svg>\t\t\t\t\t\t<\/div>\n\t\t\t\t\t\t\t\t\t\t\t\t\t\t\t\t<div class=\"swiper-pagination\"><\/div>\n\t\t\t\t\t\t\t\t\t\t\t\t<\/div>\n\t\t\t\t<\/div>\n\t\t\t\t\t\t\t\t<\/div>\n\t\t\t\t<\/div>\n\t\t\t\t\t<\/div>\n\t\t\t\t<\/div>\n\t\t<div class=\"elementor-element elementor-element-b26843e e-flex e-con-boxed e-con e-parent\" data-id=\"b26843e\" data-element_type=\"container\" data-e-type=\"container\">\n\t\t\t\t\t<div class=\"e-con-inner\">\n\t\t\t\t<div class=\"elementor-element elementor-element-5d5afa9 elementor-widget elementor-widget-text-editor\" data-id=\"5d5afa9\" data-element_type=\"widget\" data-e-type=\"widget\" data-widget_type=\"text-editor.default\">\n\t\t\t\t<div class=\"elementor-widget-container\">\n\t\t\t\t\t\t\t\t\t<h4>\u00a0<\/h4><h4><strong>Welcome to AAM Nation we are Empowering the Future of AAM &amp; UAM Workforce and Advanced Air Mobility Careers and Employment!<\/strong><\/h4><p><span style=\"color: #000000;\">At AAM Nation we are building the AAM workforce that will redefine how the world moves. Dedicated to fostering a skilled workforce that meets the evolving needs of electric, hybrid, and hydrogen-powered AAM &amp; UAM VTOL aircraft, autonomous flight systems, and urban air mobility solutions. We bridge the gap between industry demand and job seekers by providing tailored employment opportunities, assisting in specialized training programs, and directing employers in connecting talent to opportunities in the Advanced Air Mobility (AAM) and Urban Air Mobility (UAM) sectors, we empower job seekers, students, and transitioning military personnel secure careers in AAM &amp; UAM transformative aviation transportation industry.<\/span><\/p><p><span style=\"color: #000000;\"><strong><br \/>Why AAM Nation?<\/strong><\/span><\/p><ul><li><span style=\"color: #000000;\"><strong>A Growing Industry Hub<br \/><\/strong>AAM Workforce<\/span><br \/><span style=\"color: #000000;\">We bridge the gap between top-tier companies and skilled professionals, offering roles in engineering, tech support, operational leadership, and more.<\/span><\/li><li><span style=\"color: #000000;\"><strong>Exclusive Career Events<br \/><\/strong><\/span><span style=\"color: #000000;\">AAM &amp; UAM Career Fairs<\/span><br \/><span style=\"color: #000000;\">Engage directly with industry leaders at our events where innovation meets opportunity. These events inspire growth, collaboration, and meaningful connections.<br \/><\/span><\/li><li><span style=\"color: #000000;\"><strong>Tailored Career Support<br \/><\/strong>Education Partners<\/span><br \/><span style=\"color: #000000;\">Whether you&#8217;re starting your journey or advancing your career, AAM Nation provides resources and opportunities to help you thrive in the dynamic AAM\/UAM field.<\/span><\/li><\/ul><p><span style=\"color: #000000;\"><strong>Our Vision<\/strong><\/span><\/p><p><span style=\"color: #000000;\">We believe the skies are not the limit\u2014they are the future. By fostering innovation and nurturing talent, we are helping to create a world where advanced air mobility revolutionizes transportation, making it faster, safer, and more sustainable.<\/span><\/p><p><span style=\"color: #000000;\"><strong>Get Started Today<\/strong><\/span><\/p><p><span style=\"color: #000000;\">Explore our job board, attend an upcoming event, or connect with industry leaders to launch or advance your career in AAM and UAM. Together, we\u2019ll elevate the way the world moves throughout the world skies.<\/span><\/p>\t\t\t\t\t\t\t\t<\/div>\n\t\t\t\t<\/div>\n\t\t\t\t\t<\/div>\n\t\t\t\t<\/div>\n\t\t<div class=\"elementor-element elementor-element-34225d0 e-flex e-con-boxed e-con e-parent\" data-id=\"34225d0\" data-element_type=\"container\" data-e-type=\"container\">\n\t\t\t\t\t<div class=\"e-con-inner\">\n\t\t\t\t\t<\/div>\n\t\t\t\t<\/div>\n\t\t<div class=\"elementor-element elementor-element-70b5410 e-flex e-con-boxed e-con e-parent\" data-id=\"70b5410\" data-element_type=\"container\" data-e-type=\"container\">\n\t\t\t\t\t<div class=\"e-con-inner\">\n\t\t\t\t<div class=\"elementor-element elementor-element-c160705 elementor-widget elementor-widget-text-editor\" data-id=\"c160705\" data-element_type=\"widget\" data-e-type=\"widget\" data-widget_type=\"text-editor.default\">\n\t\t\t\t<div class=\"elementor-widget-container\">\n\t\t\t\t\t\t\t\t\t<h3><span style=\"color: #000000;\">Recruitment Partners:<\/span><\/h3>\t\t\t\t\t\t\t\t<\/div>\n\t\t\t\t<\/div>\n\t\t\t\t\t<\/div>\n\t\t\t\t<\/div>\n\t\t<div class=\"elementor-element elementor-element-468a155 e-flex e-con-boxed e-con e-parent\" data-id=\"468a155\" data-element_type=\"container\" data-e-type=\"container\">\n\t\t\t\t\t<div class=\"e-con-inner\">\n\t\t\t\t<div class=\"elementor-element elementor-element-5d2fa54 elementor-widget elementor-widget-text-editor\" data-id=\"5d2fa54\" data-element_type=\"widget\" data-e-type=\"widget\" data-widget_type=\"text-editor.default\">\n\t\t\t\t<div class=\"elementor-widget-container\">\n\t\t\t\t\t\t\t\t\t<h4><span style=\"color: #000000;\">AAM Nation recruitment partners believe in the same vision in helping and providing full support throughout the entire hiring and employment process.\u00a0<\/span><\/h4>\t\t\t\t\t\t\t\t<\/div>\n\t\t\t\t<\/div>\n\t\t\t\t\t<\/div>\n\t\t\t\t<\/div>\n\t\t<div class=\"elementor-element elementor-element-8818893 e-flex e-con-boxed e-con e-parent\" data-id=\"8818893\" data-element_type=\"container\" data-e-type=\"container\">\n\t\t\t\t\t<div class=\"e-con-inner\">\n\t\t\t\t<div class=\"elementor-element elementor-element-9ca33fc elementor-grid-3 elementor-grid-tablet-2 elementor-grid-mobile-1 elementor-widget elementor-widget-portfolio\" data-id=\"9ca33fc\" data-element_type=\"widget\" data-e-type=\"widget\" data-settings=\"{&quot;item_ratio&quot;:{&quot;unit&quot;:&quot;px&quot;,&quot;size&quot;:0.75,&quot;sizes&quot;:[]},&quot;columns&quot;:&quot;3&quot;,&quot;columns_tablet&quot;:&quot;2&quot;,&quot;columns_mobile&quot;:&quot;1&quot;,&quot;item_gap&quot;:{&quot;unit&quot;:&quot;px&quot;,&quot;size&quot;:&quot;&quot;,&quot;sizes&quot;:[]},&quot;row_gap&quot;:{&quot;unit&quot;:&quot;px&quot;,&quot;size&quot;:&quot;&quot;,&quot;sizes&quot;:[]}}\" data-widget_type=\"portfolio.default\">\n\t\t\t\t<div class=\"elementor-widget-container\">\n\t\t\t\t\t\t\t<div class=\"elementor-portfolio elementor-grid elementor-posts-container\" role=\"list\">\n\t\t\t\t<article class=\"elementor-portfolio-item elementor-post  post-4300 post type-post status-publish format-standard has-post-thumbnail hentry category-aam-uam-faa-regulatory-news tag-aam-firefighting tag-joby tag-aam tag-aam-aerospace tag-aam-air-taxi tag-aam-aircraft tag-aam-evtol tag-aam-first-responder-uamfr tag-aam-int-business tag-aam-logistics tag-aam-medical tag-aam-nation tag-aam-sky-taxi tag-aam-tech-news tag-aam-trader tag-aam-uam-business tag-aam-uam-career-employment-job-portal tag-aam-uam-employment tag-aam-uam-jobs tag-aamamt tag-aamelf tag-aamfr tag-aamuam-trader tag-advanced-air-mobility-nation tag-amsl-aero tag-aviation tag-battery tag-beta tag-etechnology tag-evtol tag-flying-car tag-technology tag-uam tag-uam-aerospace tag-uam-air-taxi tag-uam-aircraft tag-uam-evtol tag-uam-firefighting tag-uam-first-responder tag-uam-int-business tag-uam-logistics tag-uam-medical tag-uam-sky-taxi tag-uam-tech-news tag-uas tag-uas-first-responder tag-uav tag-uav-logistics tag-usa-aam tag-vertical-flight-society tag-ww-air-taxi tag-ww-air-taxi-app\" role=\"listitem\">\n\t\t\t<a class=\"elementor-post__thumbnail__link\" href=\"https:\/\/aamnation.com\/pl\/2026\/03\/11\/nbaa-joins-coalition-to-provide-industrys-voice-on-faas-proposed-altimeter-rule\/\">\n\t\t\t\t<div class=\"elementor-portfolio-item__img elementor-post__thumbnail\">\n\t\t\t<img fetchpriority=\"high\" decoding=\"async\" data-attachment-id=\"3438\" data-permalink=\"https:\/\/aamnation.com\/pl\/2025\/10\/06\/nbaa-pushes-faa-for-safety-first-approach-to-proposed-drone-regulations\/national-business-aviation-association-nbaa\/\" data-orig-file=\"https:\/\/i0.wp.com\/aamnation.com\/wp-content\/uploads\/2025\/10\/National-Business-Aviation-Association-nbaa-e1759809521814.jpg?fit=1240%2C819&amp;ssl=1\" data-orig-size=\"1240,819\" data-comments-opened=\"1\" data-image-meta=\"{&quot;aperture&quot;:&quot;0&quot;,&quot;credit&quot;:&quot;&quot;,&quot;camera&quot;:&quot;&quot;,&quot;caption&quot;:&quot;&quot;,&quot;created_timestamp&quot;:&quot;0&quot;,&quot;copyright&quot;:&quot;&quot;,&quot;focal_length&quot;:&quot;0&quot;,&quot;iso&quot;:&quot;0&quot;,&quot;shutter_speed&quot;:&quot;0&quot;,&quot;title&quot;:&quot;&quot;,&quot;orientation&quot;:&quot;0&quot;}\" data-image-title=\"National Business Aviation Association nbaa\" data-image-description=\"\" data-image-caption=\"\" data-large-file=\"https:\/\/i0.wp.com\/aamnation.com\/wp-content\/uploads\/2025\/10\/National-Business-Aviation-Association-nbaa-e1759809521814.jpg?fit=640%2C423&amp;ssl=1\" width=\"300\" height=\"198\" src=\"https:\/\/i0.wp.com\/aamnation.com\/wp-content\/uploads\/2025\/10\/National-Business-Aviation-Association-nbaa-e1759809521814.jpg?fit=300%2C198&amp;ssl=1\" class=\"attachment-medium size-medium wp-image-3438\" alt=\"\" \/>\t\t<\/div>\n\t\t\t\t<div class=\"elementor-portfolio-item__overlay\">\n\t\t\t\t<h3 class=\"elementor-portfolio-item__title\">\n\t\tNBAA do\u0142\u0105cza do koalicji, aby zapewni\u0107 g\u0142os bran\u017cy w sprawie proponowanych przez FAA zasad dotycz\u0105cych wysoko\u015bciomierzy\t\t<\/h3>\n\t\t\t\t<\/div>\n\t\t\t\t<\/a>\n\t\t<\/article>\n\t\t\t\t<article class=\"elementor-portfolio-item elementor-post  post-4290 post type-post status-publish format-standard has-post-thumbnail hentry category-aam-uam-air-taxi tag-aam-firefighting tag-aam tag-aam-aerospace tag-aam-air-taxi tag-aam-aircraft tag-aam-evtol tag-aam-first-responder-uamfr tag-aam-int-business tag-aam-logistics tag-aam-medical tag-aam-nation tag-aam-sky-taxi tag-aam-tech-news tag-aam-trader tag-aam-uam-business tag-aam-uam-career-employment-job-portal tag-aam-uam-employment tag-aam-uam-jobs tag-aamamt tag-aamelf tag-aamfr tag-aamuam-trader tag-advanced-air-mobility-nation tag-aviation tag-battery tag-etechnology tag-evtol tag-flying-car tag-technology tag-uam tag-uam-aerospace tag-uam-air-taxi tag-uam-aircraft tag-uam-evtol tag-uam-firefighting tag-uam-first-responder tag-uam-int-business tag-uam-logistics tag-uam-medical tag-uam-sky-taxi tag-uam-tech-news tag-uas tag-uas-first-responder tag-uav tag-uav-logistics tag-usa-aam tag-vertical-flight-society tag-ww-air-taxi tag-ww-air-taxi-app\" role=\"listitem\">\n\t\t\t<a class=\"elementor-post__thumbnail__link\" href=\"https:\/\/aamnation.com\/pl\/2026\/03\/11\/regent-begins-sea-trials-of-viceroy-seaglider\/\">\n\t\t\t\t<div class=\"elementor-portfolio-item__img elementor-post__thumbnail\">\n\t\t\t<img decoding=\"async\" data-attachment-id=\"4293\" data-permalink=\"https:\/\/aamnation.com\/pl\/2026\/03\/11\/regent-begins-sea-trials-of-viceroy-seaglider\/regent-begins-sea-trials-of-viceroy-seaglider\/\" data-orig-file=\"https:\/\/i0.wp.com\/aamnation.com\/wp-content\/uploads\/2026\/03\/REGENT-Begins-Sea-Trials-Of-Viceroy-Seaglider.png?fit=445%2C297&amp;ssl=1\" data-orig-size=\"445,297\" data-comments-opened=\"1\" data-image-meta=\"{&quot;aperture&quot;:&quot;0&quot;,&quot;credit&quot;:&quot;&quot;,&quot;camera&quot;:&quot;&quot;,&quot;caption&quot;:&quot;&quot;,&quot;created_timestamp&quot;:&quot;0&quot;,&quot;copyright&quot;:&quot;&quot;,&quot;focal_length&quot;:&quot;0&quot;,&quot;iso&quot;:&quot;0&quot;,&quot;shutter_speed&quot;:&quot;0&quot;,&quot;title&quot;:&quot;&quot;,&quot;orientation&quot;:&quot;0&quot;}\" data-image-title=\"REGENT Begins Sea Trials Of Viceroy Seaglider\" data-image-description=\"\" data-image-caption=\"\" data-large-file=\"https:\/\/i0.wp.com\/aamnation.com\/wp-content\/uploads\/2026\/03\/REGENT-Begins-Sea-Trials-Of-Viceroy-Seaglider.png?fit=445%2C297&amp;ssl=1\" width=\"300\" height=\"200\" src=\"https:\/\/i0.wp.com\/aamnation.com\/wp-content\/uploads\/2026\/03\/REGENT-Begins-Sea-Trials-Of-Viceroy-Seaglider.png?fit=300%2C200&amp;ssl=1\" class=\"attachment-medium size-medium wp-image-4293\" alt=\"\" srcset=\"https:\/\/i0.wp.com\/aamnation.com\/wp-content\/uploads\/2026\/03\/REGENT-Begins-Sea-Trials-Of-Viceroy-Seaglider.png?w=445&amp;ssl=1 445w, https:\/\/i0.wp.com\/aamnation.com\/wp-content\/uploads\/2026\/03\/REGENT-Begins-Sea-Trials-Of-Viceroy-Seaglider.png?resize=300%2C200&amp;ssl=1 300w, https:\/\/i0.wp.com\/aamnation.com\/wp-content\/uploads\/2026\/03\/REGENT-Begins-Sea-Trials-Of-Viceroy-Seaglider.png?resize=18%2C12&amp;ssl=1 18w\" sizes=\"(max-width: 300px) 100vw, 300px\" \/>\t\t<\/div>\n\t\t\t\t<div class=\"elementor-portfolio-item__overlay\">\n\t\t\t\t<h3 class=\"elementor-portfolio-item__title\">\n\t\tREGENT rozpoczyna pr\u00f3by morskie skrzyd\u0142a Viceroy Seaglider\t\t<\/h3>\n\t\t\t\t<\/div>\n\t\t\t\t<\/a>\n\t\t<\/article>\n\t\t\t\t<article class=\"elementor-portfolio-item elementor-post  post-4284 post type-post status-publish format-standard has-post-thumbnail hentry category-newsbeat tag-aam-firefighting tag-joby tag-aam tag-aam-aerospace tag-aam-air-taxi tag-aam-aircraft tag-aam-evtol tag-aam-first-responder-uamfr tag-aam-int-business tag-aam-logistics tag-aam-medical tag-aam-nation tag-aam-sky-taxi tag-aam-tech-news tag-aam-trader tag-aam-uam-business tag-aam-uam-career-employment-job-portal tag-aam-uam-employment tag-aam-uam-jobs tag-aamamt tag-aamelf tag-aamfr tag-aamuam-trader tag-advanced-air-mobility-nation tag-amsl-aero tag-aviation tag-battery tag-beta tag-etechnology tag-evtol tag-flying-car tag-technology tag-uam tag-uam-aerospace tag-uam-air-taxi tag-uam-aircraft tag-uam-evtol tag-uam-firefighting tag-uam-first-responder tag-uam-int-business tag-uam-logistics tag-uam-medical tag-uam-sky-taxi tag-uam-tech-news tag-uas tag-uas-first-responder tag-uav tag-uav-logistics tag-usa-aam tag-vertical-flight-society tag-ww-air-taxi tag-ww-air-taxi-app\" role=\"listitem\">\n\t\t\t<a class=\"elementor-post__thumbnail__link\" href=\"https:\/\/aamnation.com\/pl\/2026\/03\/11\/aamnation-com-is-introducing-the-aamelf-advanced-air-medical-emergency-life-flight-vtol\/\">\n\t\t\t\t<div class=\"elementor-portfolio-item__img elementor-post__thumbnail\">\n\t\t\t<img decoding=\"async\" data-attachment-id=\"4286\" data-permalink=\"https:\/\/aamnation.com\/pl\/2026\/03\/11\/aamnation-com-is-introducing-the-aamelf-advanced-air-medical-emergency-life-flight-vtol\/aam-nation-aamelf-advanced-air-medical-emergency-life-flight-concept-side-view\/\" data-orig-file=\"https:\/\/i0.wp.com\/aamnation.com\/wp-content\/uploads\/2026\/03\/AAM-Nation-AAMELF-Advanced-Air-Medical-Emergency-Life-Flight-Concept-side-view-e1773285440231.jpg?fit=1240%2C930&amp;ssl=1\" data-orig-size=\"1240,930\" data-comments-opened=\"1\" data-image-meta=\"{&quot;aperture&quot;:&quot;1.7&quot;,&quot;credit&quot;:&quot;&quot;,&quot;camera&quot;:&quot;Galaxy S24 Ultra&quot;,&quot;caption&quot;:&quot;&quot;,&quot;created_timestamp&quot;:&quot;1773064378&quot;,&quot;copyright&quot;:&quot;&quot;,&quot;focal_length&quot;:&quot;6.3&quot;,&quot;iso&quot;:&quot;500&quot;,&quot;shutter_speed&quot;:&quot;0.0083337&quot;,&quot;title&quot;:&quot;&quot;,&quot;orientation&quot;:&quot;1&quot;}\" data-image-title=\"AAM Nation AAMELF Advanced Air Medical Emergency Life Flight Concept side view\" data-image-description=\"\" data-image-caption=\"\" data-large-file=\"https:\/\/i0.wp.com\/aamnation.com\/wp-content\/uploads\/2026\/03\/AAM-Nation-AAMELF-Advanced-Air-Medical-Emergency-Life-Flight-Concept-side-view-e1773285440231.jpg?fit=640%2C480&amp;ssl=1\" width=\"300\" height=\"225\" src=\"https:\/\/i0.wp.com\/aamnation.com\/wp-content\/uploads\/2026\/03\/AAM-Nation-AAMELF-Advanced-Air-Medical-Emergency-Life-Flight-Concept-side-view-e1773285440231.jpg?fit=300%2C225&amp;ssl=1\" class=\"attachment-medium size-medium wp-image-4286\" alt=\"\" \/>\t\t<\/div>\n\t\t\t\t<div class=\"elementor-portfolio-item__overlay\">\n\t\t\t\t<h3 class=\"elementor-portfolio-item__title\">\n\t\tAAMNation.com przedstawia AAMELF - Advanced Air Medical Emergency Life Flight VTOL\t\t<\/h3>\n\t\t\t\t<\/div>\n\t\t\t\t<\/a>\n\t\t<\/article>\n\t\t\t\t<article class=\"elementor-portfolio-item elementor-post  post-4275 post type-post status-publish format-standard has-post-thumbnail hentry category-aam-uam-faa-regulatory-news tag-aam-firefighting tag-joby tag-aam tag-aam-aerospace tag-aam-air-taxi tag-aam-aircraft tag-aam-evtol tag-aam-first-responder-uamfr tag-aam-int-business tag-aam-logistics tag-aam-medical tag-aam-nation tag-aam-sky-taxi tag-aam-tech-news tag-aam-trader tag-aam-uam-business tag-aam-uam-career-employment-job-portal tag-aam-uam-employment tag-aam-uam-jobs tag-aamamt tag-aamelf tag-aamfr tag-aamuam-trader tag-advanced-air-mobility-nation tag-aviation tag-battery tag-beta tag-etechnology tag-evtol tag-flying-car tag-technology tag-uam tag-uam-aerospace tag-uam-air-taxi tag-uam-aircraft tag-uam-evtol tag-uam-firefighting tag-uam-first-responder tag-uam-int-business tag-uam-logistics tag-uam-medical tag-uam-sky-taxi tag-uam-tech-news tag-uas tag-uas-first-responder tag-uav tag-uav-logistics tag-usa-aam tag-vertical-flight-society tag-ww-air-taxi tag-ww-air-taxi-app\" role=\"listitem\">\n\t\t\t<a class=\"elementor-post__thumbnail__link\" href=\"https:\/\/aamnation.com\/pl\/2026\/03\/09\/the-future-of-aam-evtol-aviation-is-here\/\">\n\t\t\t\t<div class=\"elementor-portfolio-item__img elementor-post__thumbnail\">\n\t\t\t<img loading=\"lazy\" decoding=\"async\" data-attachment-id=\"4281\" data-permalink=\"https:\/\/aamnation.com\/pl\/2026\/03\/09\/the-future-of-aam-evtol-aviation-is-here\/the-future-of-aviation-is-here\/\" data-orig-file=\"https:\/\/i0.wp.com\/aamnation.com\/wp-content\/uploads\/2026\/03\/The-Future-of-Aviation-is-here.jpg?fit=390%2C275&amp;ssl=1\" data-orig-size=\"390,275\" data-comments-opened=\"1\" data-image-meta=\"{&quot;aperture&quot;:&quot;0&quot;,&quot;credit&quot;:&quot;&quot;,&quot;camera&quot;:&quot;&quot;,&quot;caption&quot;:&quot;&quot;,&quot;created_timestamp&quot;:&quot;0&quot;,&quot;copyright&quot;:&quot;&quot;,&quot;focal_length&quot;:&quot;0&quot;,&quot;iso&quot;:&quot;0&quot;,&quot;shutter_speed&quot;:&quot;0&quot;,&quot;title&quot;:&quot;&quot;,&quot;orientation&quot;:&quot;0&quot;}\" data-image-title=\"The Future Of AAM &amp;#8211; eVTOL Aviation Is Here\" data-image-description=\"\" data-image-caption=\"\" data-large-file=\"https:\/\/i0.wp.com\/aamnation.com\/wp-content\/uploads\/2026\/03\/The-Future-of-Aviation-is-here.jpg?fit=390%2C275&amp;ssl=1\" width=\"300\" height=\"212\" src=\"https:\/\/i0.wp.com\/aamnation.com\/wp-content\/uploads\/2026\/03\/The-Future-of-Aviation-is-here.jpg?fit=300%2C212&amp;ssl=1\" class=\"attachment-medium size-medium wp-image-4281\" alt=\"\" srcset=\"https:\/\/i0.wp.com\/aamnation.com\/wp-content\/uploads\/2026\/03\/The-Future-of-Aviation-is-here.jpg?w=390&amp;ssl=1 390w, https:\/\/i0.wp.com\/aamnation.com\/wp-content\/uploads\/2026\/03\/The-Future-of-Aviation-is-here.jpg?resize=300%2C212&amp;ssl=1 300w, https:\/\/i0.wp.com\/aamnation.com\/wp-content\/uploads\/2026\/03\/The-Future-of-Aviation-is-here.jpg?resize=18%2C12&amp;ssl=1 18w\" sizes=\"(max-width: 300px) 100vw, 300px\" \/>\t\t<\/div>\n\t\t\t\t<div class=\"elementor-portfolio-item__overlay\">\n\t\t\t\t<h3 class=\"elementor-portfolio-item__title\">\n\t\tPrzysz\u0142o\u015b\u0107 AAM - lotnictwo eVTOL jest tutaj\t\t<\/h3>\n\t\t\t\t<\/div>\n\t\t\t\t<\/a>\n\t\t<\/article>\n\t\t\t\t<article class=\"elementor-portfolio-item elementor-post  post-4267 post type-post status-publish format-standard has-post-thumbnail hentry category-business tag-aam-firefighting tag-aam tag-aam-aerospace tag-aam-air-taxi tag-aam-aircraft tag-aam-evtol tag-aam-first-responder-uamfr tag-aam-int-business tag-aam-logistics tag-aam-medical tag-aam-nation tag-aam-sky-taxi tag-aam-tech-news tag-aam-trader tag-aam-uam-business tag-aam-uam-career-employment-job-portal tag-aam-uam-employment tag-aam-uam-jobs tag-aamamt tag-aamelf tag-aamfr tag-aamuam-trader tag-advanced-air-mobility-nation tag-aviation tag-battery tag-etechnology tag-evtol tag-flying-car tag-technology tag-uam tag-uam-aerospace tag-uam-air-taxi tag-uam-aircraft tag-uam-evtol tag-uam-firefighting tag-uam-first-responder tag-uam-int-business tag-uam-logistics tag-uam-medical tag-uam-sky-taxi tag-uam-tech-news tag-uas tag-uas-first-responder tag-uav tag-uav-logistics tag-usa-aam tag-vertical-flight-society tag-ww-air-taxi tag-ww-air-taxi-app\" role=\"listitem\">\n\t\t\t<a class=\"elementor-post__thumbnail__link\" href=\"https:\/\/aamnation.com\/pl\/2026\/03\/09\/leading-japanese-evtol-manufacturer-skydrive-expands-strategic-network-in-southeastern-usa-focused-on-florida\/\">\n\t\t\t\t<div class=\"elementor-portfolio-item__img elementor-post__thumbnail\">\n\t\t\t<img loading=\"lazy\" decoding=\"async\" data-attachment-id=\"4269\" data-permalink=\"https:\/\/aamnation.com\/pl\/2026\/03\/09\/leading-japanese-evtol-manufacturer-skydrive-expands-strategic-network-in-southeastern-usa-focused-on-florida\/skydrive-aeroauto-company-logo_flight-image\/\" data-orig-file=\"https:\/\/i0.wp.com\/aamnation.com\/wp-content\/uploads\/2026\/03\/SkyDrive-Aeroauto-Company-logo_Flight-Image.jpg?fit=1240%2C698&amp;ssl=1\" data-orig-size=\"1240,698\" data-comments-opened=\"1\" data-image-meta=\"{&quot;aperture&quot;:&quot;0&quot;,&quot;credit&quot;:&quot;&quot;,&quot;camera&quot;:&quot;&quot;,&quot;caption&quot;:&quot;&quot;,&quot;created_timestamp&quot;:&quot;0&quot;,&quot;copyright&quot;:&quot;&quot;,&quot;focal_length&quot;:&quot;0&quot;,&quot;iso&quot;:&quot;0&quot;,&quot;shutter_speed&quot;:&quot;0&quot;,&quot;title&quot;:&quot;&quot;,&quot;orientation&quot;:&quot;1&quot;}\" data-image-title=\"SkyDrive Aeroauto Company logo_Flight Image\" data-image-description=\"\" data-image-caption=\"\" data-large-file=\"https:\/\/i0.wp.com\/aamnation.com\/wp-content\/uploads\/2026\/03\/SkyDrive-Aeroauto-Company-logo_Flight-Image.jpg?fit=640%2C360&amp;ssl=1\" width=\"300\" height=\"169\" src=\"https:\/\/i0.wp.com\/aamnation.com\/wp-content\/uploads\/2026\/03\/SkyDrive-Aeroauto-Company-logo_Flight-Image.jpg?fit=300%2C169&amp;ssl=1\" class=\"attachment-medium size-medium wp-image-4269\" alt=\"\" srcset=\"https:\/\/i0.wp.com\/aamnation.com\/wp-content\/uploads\/2026\/03\/SkyDrive-Aeroauto-Company-logo_Flight-Image.jpg?w=1240&amp;ssl=1 1240w, https:\/\/i0.wp.com\/aamnation.com\/wp-content\/uploads\/2026\/03\/SkyDrive-Aeroauto-Company-logo_Flight-Image.jpg?resize=300%2C169&amp;ssl=1 300w, https:\/\/i0.wp.com\/aamnation.com\/wp-content\/uploads\/2026\/03\/SkyDrive-Aeroauto-Company-logo_Flight-Image.jpg?resize=1024%2C576&amp;ssl=1 1024w, https:\/\/i0.wp.com\/aamnation.com\/wp-content\/uploads\/2026\/03\/SkyDrive-Aeroauto-Company-logo_Flight-Image.jpg?resize=768%2C432&amp;ssl=1 768w, https:\/\/i0.wp.com\/aamnation.com\/wp-content\/uploads\/2026\/03\/SkyDrive-Aeroauto-Company-logo_Flight-Image.jpg?resize=18%2C10&amp;ssl=1 18w\" sizes=\"(max-width: 300px) 100vw, 300px\" \/>\t\t<\/div>\n\t\t\t\t<div class=\"elementor-portfolio-item__overlay\">\n\t\t\t\t<h3 class=\"elementor-portfolio-item__title\">\n\t\tWiod\u0105cy japo\u0144ski producent eVTOL SkyDrive rozszerza strategiczn\u0105 sie\u0107 w po\u0142udniowo-wschodnich Stanach Zjednoczonych, koncentruj\u0105c si\u0119 na Florydzie\t\t<\/h3>\n\t\t\t\t<\/div>\n\t\t\t\t<\/a>\n\t\t<\/article>\n\t\t\t\t<article class=\"elementor-portfolio-item elementor-post  post-4258 post type-post status-publish format-standard has-post-thumbnail hentry category-uas-uav-drone-news tag-aam-firefighting tag-aam tag-aam-aerospace tag-aam-air-taxi tag-aam-aircraft tag-aam-evtol tag-aam-first-responder-uamfr tag-aam-int-business tag-aam-logistics tag-aam-medical tag-aam-nation tag-aam-sky-taxi tag-aam-tech-news tag-aam-trader tag-aam-uam-business tag-aam-uam-career-employment-job-portal tag-aam-uam-employment tag-aam-uam-jobs tag-aamamt tag-aamelf tag-aamfr tag-aamuam-trader tag-advanced-air-mobility-nation tag-aviation tag-battery tag-etechnology tag-evtol tag-flying-car tag-technology tag-uam tag-uam-aerospace tag-uam-air-taxi tag-uam-aircraft tag-uam-evtol tag-uam-firefighting tag-uam-first-responder tag-uam-int-business tag-uam-logistics tag-uam-medical tag-uam-sky-taxi tag-uam-tech-news tag-uas tag-uas-first-responder tag-uav tag-uav-logistics tag-usa-aam tag-vertical-flight-society tag-ww-air-taxi tag-ww-air-taxi-app\" role=\"listitem\">\n\t\t\t<a class=\"elementor-post__thumbnail__link\" href=\"https:\/\/aamnation.com\/pl\/2026\/03\/04\/airbus-selected-by-the-european-defense-agency-to-expand-the-capabilities-of-its-capa-x-drone\/\">\n\t\t\t\t<div class=\"elementor-portfolio-item__img elementor-post__thumbnail\">\n\t\t\t<img loading=\"lazy\" decoding=\"async\" data-attachment-id=\"4260\" data-permalink=\"https:\/\/aamnation.com\/pl\/2026\/03\/04\/airbus-selected-by-the-european-defense-agency-to-expand-the-capabilities-of-its-capa-x-drone\/airbus-selected-by-the-european-defence-agency-to-expand-the-capabilities-of-its-capa-x-drone\/\" data-orig-file=\"https:\/\/i0.wp.com\/aamnation.com\/wp-content\/uploads\/2026\/03\/Airbus-selected-by-the-European-Defence-Agency-to-expand-the-capabilities-of-its-Capa-X-drone.png?fit=1098%2C863&amp;ssl=1\" data-orig-size=\"1098,863\" data-comments-opened=\"1\" data-image-meta=\"{&quot;aperture&quot;:&quot;0&quot;,&quot;credit&quot;:&quot;&quot;,&quot;camera&quot;:&quot;&quot;,&quot;caption&quot;:&quot;&quot;,&quot;created_timestamp&quot;:&quot;0&quot;,&quot;copyright&quot;:&quot;&quot;,&quot;focal_length&quot;:&quot;0&quot;,&quot;iso&quot;:&quot;0&quot;,&quot;shutter_speed&quot;:&quot;0&quot;,&quot;title&quot;:&quot;&quot;,&quot;orientation&quot;:&quot;0&quot;}\" data-image-title=\"Airbus selected by the European Defence Agency to expand the capabilities of its Capa-X drone\" data-image-description=\"\" data-image-caption=\"\" data-large-file=\"https:\/\/i0.wp.com\/aamnation.com\/wp-content\/uploads\/2026\/03\/Airbus-selected-by-the-European-Defence-Agency-to-expand-the-capabilities-of-its-Capa-X-drone.png?fit=640%2C503&amp;ssl=1\" width=\"300\" height=\"236\" src=\"https:\/\/i0.wp.com\/aamnation.com\/wp-content\/uploads\/2026\/03\/Airbus-selected-by-the-European-Defence-Agency-to-expand-the-capabilities-of-its-Capa-X-drone.png?fit=300%2C236&amp;ssl=1\" class=\"attachment-medium size-medium wp-image-4260\" alt=\"\" srcset=\"https:\/\/i0.wp.com\/aamnation.com\/wp-content\/uploads\/2026\/03\/Airbus-selected-by-the-European-Defence-Agency-to-expand-the-capabilities-of-its-Capa-X-drone.png?w=1098&amp;ssl=1 1098w, https:\/\/i0.wp.com\/aamnation.com\/wp-content\/uploads\/2026\/03\/Airbus-selected-by-the-European-Defence-Agency-to-expand-the-capabilities-of-its-Capa-X-drone.png?resize=300%2C236&amp;ssl=1 300w, https:\/\/i0.wp.com\/aamnation.com\/wp-content\/uploads\/2026\/03\/Airbus-selected-by-the-European-Defence-Agency-to-expand-the-capabilities-of-its-Capa-X-drone.png?resize=1024%2C805&amp;ssl=1 1024w, https:\/\/i0.wp.com\/aamnation.com\/wp-content\/uploads\/2026\/03\/Airbus-selected-by-the-European-Defence-Agency-to-expand-the-capabilities-of-its-Capa-X-drone.png?resize=768%2C604&amp;ssl=1 768w, https:\/\/i0.wp.com\/aamnation.com\/wp-content\/uploads\/2026\/03\/Airbus-selected-by-the-European-Defence-Agency-to-expand-the-capabilities-of-its-Capa-X-drone.png?resize=15%2C12&amp;ssl=1 15w\" sizes=\"(max-width: 300px) 100vw, 300px\" \/>\t\t<\/div>\n\t\t\t\t<div class=\"elementor-portfolio-item__overlay\">\n\t\t\t\t<h3 class=\"elementor-portfolio-item__title\">\n\t\tAirbus wybrany przez Europejsk\u0105 Agencj\u0119 Obrony do rozszerzenia mo\u017cliwo\u015bci swojego drona Capa-X\t\t<\/h3>\n\t\t\t\t<\/div>\n\t\t\t\t<\/a>\n\t\t<\/article>\n\t\t\t\t<\/div>\n\t\t\t\t\t\t<\/div>\n\t\t\t\t<\/div>\n\t\t\t\t\t<\/div>\n\t\t\t\t<\/div>\n\t\t\t\t<\/div>","protected":false},"excerpt":{"rendered":"<p>Exclusive AAM &#038; UAM Career EventsEngage directly with industry leaders at our AAM &#038; UAM&#8230;<\/p>","protected":false},"author":165558846,"featured_media":0,"parent":0,"menu_order":0,"comment_status":"closed","ping_status":"closed","template":"","meta":{"_crdt_document":"","om_disable_all_campaigns":false,"_monsterinsights_skip_tracking":false,"_monsterinsights_sitenote_active":false,"_monsterinsights_sitenote_note":"","_monsterinsights_sitenote_category":0,"footnotes":""},"class_list":["post-818","page","type-page","status-publish","hentry"],"aioseo_notices":[],"aioseo_head":"\n\t\t<!-- All in One SEO Pro 4.9.6.2 - aioseo.com -->\n\t<meta name=\"description\" content=\"Airbus Helicopters, through its subsidiary Survey Copter, has been selected by the European Defense Agency (EDA) for the Multi Mission Unmanned Aircraft System (M2UAS) project. This strategic contract is part of a series of projects lasting 48 months, with a total budget of approximately \u20ac1.1 million. It involves the study and development of a hybrid\" \/>\n\t<meta name=\"robots\" content=\"max-image-preview:large\" \/>\n\t<meta name=\"google-site-verification\" content=\"VhfKKFpAUd5BDOqNdL0E7pN1M5DYDEoFZZAnvKiTddM\" \/>\n\t<link rel=\"canonical\" href=\"https:\/\/aamnation.com\/pl\/2026\/03\/04\/airbus-selected-by-the-european-defense-agency-to-expand-the-capabilities-of-its-capa-x-drone\/\" \/>\n\t<meta name=\"generator\" content=\"All in One SEO Pro (AIOSEO) 4.9.6.2\" \/>\n\t\t<meta property=\"og:locale\" content=\"pl_PL\" \/>\n\t\t<meta property=\"og:site_name\" content=\"AAM Nation - Is Elevating The Worldwide AAM \/ UAM \/ UAS \/ UAV \/ Air Taxi eVTOL and Flying Car Industry Into The Future!\" \/>\n\t\t<meta property=\"og:type\" content=\"article\" \/>\n\t\t<meta property=\"og:title\" content=\"Airbus Selected By The European Defense Agency To Expand The Capabilities Of Its Capa-X Drone - AAM Nation\" \/>\n\t\t<meta property=\"og:description\" content=\"Airbus Helicopters, through its subsidiary Survey Copter, has been selected by the European Defense Agency (EDA) for the Multi Mission Unmanned Aircraft System (M2UAS) project. This strategic contract is part of a series of projects lasting 48 months, with a total budget of approximately \u20ac1.1 million. It involves the study and development of a hybrid\" \/>\n\t\t<meta property=\"og:url\" content=\"https:\/\/aamnation.com\/pl\/2026\/03\/04\/airbus-selected-by-the-european-defense-agency-to-expand-the-capabilities-of-its-capa-x-drone\/\" \/>\n\t\t<meta property=\"og:image\" content=\"https:\/\/aamnation.com\/wp-content\/uploads\/2025\/05\/AAM-Logo-2.png\" \/>\n\t\t<meta property=\"og:image:secure_url\" content=\"https:\/\/aamnation.com\/wp-content\/uploads\/2025\/05\/AAM-Logo-2.png\" \/>\n\t\t<meta property=\"og:image:width\" content=\"150\" \/>\n\t\t<meta property=\"og:image:height\" content=\"150\" \/>\n\t\t<meta property=\"article:published_time\" content=\"2026-03-05T04:24:31+00:00\" \/>\n\t\t<meta property=\"article:modified_time\" content=\"2026-03-10T03:33:30+00:00\" \/>\n\t\t<meta name=\"twitter:card\" content=\"summary_large_image\" \/>\n\t\t<meta name=\"twitter:title\" content=\"Airbus Selected By The European Defense Agency To Expand The Capabilities Of Its Capa-X Drone - AAM Nation\" \/>\n\t\t<meta name=\"twitter:description\" content=\"Airbus Helicopters, through its subsidiary Survey Copter, has been selected by the European Defense Agency (EDA) for the Multi Mission Unmanned Aircraft System (M2UAS) project. This strategic contract is part of a series of projects lasting 48 months, with a total budget of approximately \u20ac1.1 million. It involves the study and development of a hybrid\" \/>\n\t\t<meta name=\"twitter:image\" content=\"https:\/\/aamnation.com\/wp-content\/uploads\/2025\/05\/AAM-Logo-2.png\" \/>\n\t\t<script type=\"application\/ld+json\" class=\"aioseo-schema\">\n\t\t\t{\"@context\":\"https:\\\/\\\/schema.org\",\"@graph\":[{\"@type\":\"BlogPosting\",\"@id\":\"https:\\\/\\\/aamnation.com\\\/pl\\\/2026\\\/03\\\/04\\\/airbus-selected-by-the-european-defense-agency-to-expand-the-capabilities-of-its-capa-x-drone\\\/#blogposting\",\"name\":\"Airbus Selected By The European Defense Agency To Expand The Capabilities Of Its Capa-X Drone - AAM Nation\",\"headline\":\"Airbus Selected By The European Defense Agency To Expand The Capabilities Of Its Capa-X Drone\",\"author\":{\"@id\":\"https:\\\/\\\/aamnation.com\\\/pl\\\/author\\\/evhnews\\\/#author\"},\"publisher\":{\"@id\":\"https:\\\/\\\/aamnation.com\\\/pl\\\/#organization\"},\"image\":{\"@type\":\"ImageObject\",\"url\":\"https:\\\/\\\/i0.wp.com\\\/aamnation.com\\\/wp-content\\\/uploads\\\/2026\\\/03\\\/Airbus-selected-by-the-European-Defence-Agency-to-expand-the-capabilities-of-its-Capa-X-drone.png?fit=1098%2C863&ssl=1\",\"width\":1098,\"height\":863},\"datePublished\":\"2026-03-04T20:24:31-08:00\",\"dateModified\":\"2026-03-09T20:33:30-07:00\",\"inLanguage\":\"pl-PL\",\"mainEntityOfPage\":{\"@id\":\"https:\\\/\\\/aamnation.com\\\/pl\\\/2026\\\/03\\\/04\\\/airbus-selected-by-the-european-defense-agency-to-expand-the-capabilities-of-its-capa-x-drone\\\/#webpage\"},\"isPartOf\":{\"@id\":\"https:\\\/\\\/aamnation.com\\\/pl\\\/2026\\\/03\\\/04\\\/airbus-selected-by-the-european-defense-agency-to-expand-the-capabilities-of-its-capa-x-drone\\\/#webpage\"},\"articleSection\":\"UAS &amp; UAV Drone News, # AAM Firefighting, #AAM, #AAM Aerospace, #AAM Air Taxi, #AAM Aircraft, #AAM eVTOL, #AAM First Responder #UAMFR, #AAM Int. Business, #AAM Logistics, #AAM Medical, #AAM Nation, #AAM Sky Taxi, #AAM Tech News, #AAM Trader, #AAM UAM Business, #AAM UAM Career Employment Job Portal, #AAM UAM Employment, #AAM UAM Jobs, #AAMAMT, #AAMELF, #AAMFR, #AAMUAM Trader, #Advanced Air Mobility Nation, #aviation, #Battery, #eTechnology, #eVTOL, #Flying Car, #Technology, #UAM, #UAM Aerospace, #UAM Air Taxi, #UAM Aircraft, #UAM eVTOL, #UAM Firefighting, #UAM First Responder, #UAM Int. Business, #UAM Logistics, #UAM Medical, #UAM Sky Taxi, #UAM Tech News, #UAS, #UAS First Responder, #UAV, #UAV Logistics, #USA AAM, #Vertical Flight Society, #WW Air Taxi, #WW Air Taxi app\"},{\"@type\":\"BreadcrumbList\",\"@id\":\"https:\\\/\\\/aamnation.com\\\/pl\\\/2026\\\/03\\\/04\\\/airbus-selected-by-the-european-defense-agency-to-expand-the-capabilities-of-its-capa-x-drone\\\/#breadcrumblist\",\"itemListElement\":[{\"@type\":\"ListItem\",\"@id\":\"https:\\\/\\\/aamnation.com\\\/pl#listItem\",\"position\":1,\"name\":\"Home\",\"item\":\"https:\\\/\\\/aamnation.com\\\/pl\",\"nextItem\":{\"@type\":\"ListItem\",\"@id\":\"https:\\\/\\\/aamnation.com\\\/pl\\\/aam-uam-careers\\\/#listItem\",\"name\":\"AAM &#038; UAM Careers\"}},{\"@type\":\"ListItem\",\"@id\":\"https:\\\/\\\/aamnation.com\\\/pl\\\/aam-uam-careers\\\/#listItem\",\"position\":2,\"name\":\"AAM &#038; UAM Careers\",\"previousItem\":{\"@type\":\"ListItem\",\"@id\":\"https:\\\/\\\/aamnation.com\\\/pl#listItem\",\"name\":\"Home\"}}]},{\"@type\":\"Organization\",\"@id\":\"https:\\\/\\\/aamnation.com\\\/pl\\\/#organization\",\"name\":\"AAM Nation AAM Nation\",\"description\":\"Is Elevating The Worldwide AAM \\\/ UAM \\\/ UAS \\\/ UAV \\\/ Air Taxi eVTOL and Flying Car Industry Into The Future! Elevating The Worldwide AAM \\\/ UAM \\\/ UAS \\\/ UAV Air Taxi eVTOL and Flying Car Industry Into The Future!\",\"url\":\"https:\\\/\\\/aamnation.com\\\/pl\\\/\",\"email\":\"contact@aamnation.com\",\"telephone\":\"+19492268880\",\"logo\":{\"@type\":\"ImageObject\",\"url\":\"https:\\\/\\\/i0.wp.com\\\/aamnation.com\\\/wp-content\\\/uploads\\\/2025\\\/05\\\/AAM-Logo-2.png?fit=150%2C150&ssl=1\",\"@id\":\"https:\\\/\\\/aamnation.com\\\/pl\\\/2026\\\/03\\\/04\\\/airbus-selected-by-the-european-defense-agency-to-expand-the-capabilities-of-its-capa-x-drone\\\/#organizationLogo\",\"width\":150,\"height\":150},\"image\":{\"@id\":\"https:\\\/\\\/aamnation.com\\\/pl\\\/2026\\\/03\\\/04\\\/airbus-selected-by-the-european-defense-agency-to-expand-the-capabilities-of-its-capa-x-drone\\\/#organizationLogo\"}},{\"@type\":\"Person\",\"@id\":\"https:\\\/\\\/aamnation.com\\\/pl\\\/author\\\/evhnews\\\/#author\",\"url\":\"https:\\\/\\\/aamnation.com\\\/pl\\\/author\\\/evhnews\\\/\",\"name\":\"EVHNews\",\"image\":{\"@type\":\"ImageObject\",\"url\":\"https:\\\/\\\/secure.gravatar.com\\\/avatar\\\/6aaa381193748eb0a0f3bfcddc76d9a039b8dbbdb1c0a8260da8c44e6e31285a?s=96&d=identicon&r=g\"}},{\"@type\":\"WebPage\",\"@id\":\"https:\\\/\\\/aamnation.com\\\/pl\\\/2026\\\/03\\\/04\\\/airbus-selected-by-the-european-defense-agency-to-expand-the-capabilities-of-its-capa-x-drone\\\/#webpage\",\"url\":\"https:\\\/\\\/aamnation.com\\\/pl\\\/2026\\\/03\\\/04\\\/airbus-selected-by-the-european-defense-agency-to-expand-the-capabilities-of-its-capa-x-drone\\\/\",\"name\":\"Airbus Selected By The European Defense Agency To Expand The Capabilities Of Its Capa-X Drone - AAM Nation\",\"description\":\"Airbus Helicopters, through its subsidiary Survey Copter, has been selected by the European Defense Agency (EDA) for the Multi Mission Unmanned Aircraft System (M2UAS) project. This strategic contract is part of a series of projects lasting 48 months, with a total budget of approximately \\u20ac1.1 million. It involves the study and development of a hybrid\",\"inLanguage\":\"pl-PL\",\"isPartOf\":{\"@id\":\"https:\\\/\\\/aamnation.com\\\/pl\\\/#website\"},\"breadcrumb\":{\"@id\":\"https:\\\/\\\/aamnation.com\\\/pl\\\/2026\\\/03\\\/04\\\/airbus-selected-by-the-european-defense-agency-to-expand-the-capabilities-of-its-capa-x-drone\\\/#breadcrumblist\"},\"author\":{\"@id\":\"https:\\\/\\\/aamnation.com\\\/pl\\\/author\\\/evhnews\\\/#author\"},\"creator\":{\"@id\":\"https:\\\/\\\/aamnation.com\\\/pl\\\/author\\\/evhnews\\\/#author\"},\"image\":{\"@type\":\"ImageObject\",\"url\":\"https:\\\/\\\/i0.wp.com\\\/aamnation.com\\\/wp-content\\\/uploads\\\/2026\\\/03\\\/Airbus-selected-by-the-European-Defence-Agency-to-expand-the-capabilities-of-its-Capa-X-drone.png?fit=1098%2C863&ssl=1\",\"@id\":\"https:\\\/\\\/aamnation.com\\\/pl\\\/2026\\\/03\\\/04\\\/airbus-selected-by-the-european-defense-agency-to-expand-the-capabilities-of-its-capa-x-drone\\\/#mainImage\",\"width\":1098,\"height\":863},\"primaryImageOfPage\":{\"@id\":\"https:\\\/\\\/aamnation.com\\\/pl\\\/2026\\\/03\\\/04\\\/airbus-selected-by-the-european-defense-agency-to-expand-the-capabilities-of-its-capa-x-drone\\\/#mainImage\"},\"datePublished\":\"2026-03-04T20:24:31-08:00\",\"dateModified\":\"2026-03-09T20:33:30-07:00\"},{\"@type\":\"WebSite\",\"@id\":\"https:\\\/\\\/aamnation.com\\\/pl\\\/#website\",\"url\":\"https:\\\/\\\/aamnation.com\\\/pl\\\/\",\"name\":\"AAM Nation\",\"description\":\"Is Elevating The Worldwide AAM \\\/ UAM \\\/ UAS \\\/ UAV \\\/ Air Taxi eVTOL and Flying Car Industry Into The Future!\",\"inLanguage\":\"pl-PL\",\"publisher\":{\"@id\":\"https:\\\/\\\/aamnation.com\\\/pl\\\/#organization\"}}]}\n\t\t<\/script>\n\t\t<!-- All in One SEO Pro -->\r\n\t\t<title>Airbus Selected By The European Defense Agency To Expand The Capabilities Of Its Capa-X Drone - AAM Nation<\/title>\n\n","aioseo_head_json":{"title":"Airbus Selected By The European Defense Agency To Expand The Capabilities Of Its Capa-X Drone - AAM Nation","description":"Airbus Helicopters, through its subsidiary Survey Copter, has been selected by the European Defense Agency (EDA) for the Multi Mission Unmanned Aircraft System (M2UAS) project. This strategic contract is part of a series of projects lasting 48 months, with a total budget of approximately \u20ac1.1 million. It involves the study and development of a hybrid","canonical_url":"https:\/\/aamnation.com\/pl\/2026\/03\/04\/airbus-selected-by-the-european-defense-agency-to-expand-the-capabilities-of-its-capa-x-drone\/","robots":"max-image-preview:large","keywords":"","webmasterTools":{"google-site-verification":"VhfKKFpAUd5BDOqNdL0E7pN1M5DYDEoFZZAnvKiTddM","miscellaneous":""},"schema":{"@context":"https:\/\/schema.org","@graph":[{"@type":"BlogPosting","@id":"https:\/\/aamnation.com\/pl\/2026\/03\/04\/airbus-selected-by-the-european-defense-agency-to-expand-the-capabilities-of-its-capa-x-drone\/#blogposting","name":"Airbus Selected By The European Defense Agency To Expand The Capabilities Of Its Capa-X Drone - AAM Nation","headline":"Airbus Selected By The European Defense Agency To Expand The Capabilities Of Its Capa-X Drone","author":{"@id":"https:\/\/aamnation.com\/pl\/author\/evhnews\/#author"},"publisher":{"@id":"https:\/\/aamnation.com\/pl\/#organization"},"image":{"@type":"ImageObject","url":"https:\/\/i0.wp.com\/aamnation.com\/wp-content\/uploads\/2026\/03\/Airbus-selected-by-the-European-Defence-Agency-to-expand-the-capabilities-of-its-Capa-X-drone.png?fit=1098%2C863&ssl=1","width":1098,"height":863},"datePublished":"2026-03-04T20:24:31-08:00","dateModified":"2026-03-09T20:33:30-07:00","inLanguage":"pl-PL","mainEntityOfPage":{"@id":"https:\/\/aamnation.com\/pl\/2026\/03\/04\/airbus-selected-by-the-european-defense-agency-to-expand-the-capabilities-of-its-capa-x-drone\/#webpage"},"isPartOf":{"@id":"https:\/\/aamnation.com\/pl\/2026\/03\/04\/airbus-selected-by-the-european-defense-agency-to-expand-the-capabilities-of-its-capa-x-drone\/#webpage"},"articleSection":"UAS &amp; UAV Drone News, # AAM Firefighting, #AAM, #AAM Aerospace, #AAM Air Taxi, #AAM Aircraft, #AAM eVTOL, #AAM First Responder #UAMFR, #AAM Int. Business, #AAM Logistics, #AAM Medical, #AAM Nation, #AAM Sky Taxi, #AAM Tech News, #AAM Trader, #AAM UAM Business, #AAM UAM Career Employment Job Portal, #AAM UAM Employment, #AAM UAM Jobs, #AAMAMT, #AAMELF, #AAMFR, #AAMUAM Trader, #Advanced Air Mobility Nation, #aviation, #Battery, #eTechnology, #eVTOL, #Flying Car, #Technology, #UAM, #UAM Aerospace, #UAM Air Taxi, #UAM Aircraft, #UAM eVTOL, #UAM Firefighting, #UAM First Responder, #UAM Int. Business, #UAM Logistics, #UAM Medical, #UAM Sky Taxi, #UAM Tech News, #UAS, #UAS First Responder, #UAV, #UAV Logistics, #USA AAM, #Vertical Flight Society, #WW Air Taxi, #WW Air Taxi app"},{"@type":"BreadcrumbList","@id":"https:\/\/aamnation.com\/pl\/2026\/03\/04\/airbus-selected-by-the-european-defense-agency-to-expand-the-capabilities-of-its-capa-x-drone\/#breadcrumblist","itemListElement":[{"@type":"ListItem","@id":"https:\/\/aamnation.com\/pl#listItem","position":1,"name":"Home","item":"https:\/\/aamnation.com\/pl","nextItem":{"@type":"ListItem","@id":"https:\/\/aamnation.com\/pl\/aam-uam-careers\/#listItem","name":"AAM &#038; UAM Careers"}},{"@type":"ListItem","@id":"https:\/\/aamnation.com\/pl\/aam-uam-careers\/#listItem","position":2,"name":"AAM &#038; UAM Careers","previousItem":{"@type":"ListItem","@id":"https:\/\/aamnation.com\/pl#listItem","name":"Home"}}]},{"@type":"Organization","@id":"https:\/\/aamnation.com\/pl\/#organization","name":"AAM Nation AAM Nation","description":"Is Elevating The Worldwide AAM \/ UAM \/ UAS \/ UAV \/ Air Taxi eVTOL and Flying Car Industry Into The Future! Elevating The Worldwide AAM \/ UAM \/ UAS \/ UAV Air Taxi eVTOL and Flying Car Industry Into The Future!","url":"https:\/\/aamnation.com\/pl\/","email":"contact@aamnation.com","telephone":"+19492268880","logo":{"@type":"ImageObject","url":"https:\/\/i0.wp.com\/aamnation.com\/wp-content\/uploads\/2025\/05\/AAM-Logo-2.png?fit=150%2C150&ssl=1","@id":"https:\/\/aamnation.com\/pl\/2026\/03\/04\/airbus-selected-by-the-european-defense-agency-to-expand-the-capabilities-of-its-capa-x-drone\/#organizationLogo","width":150,"height":150},"image":{"@id":"https:\/\/aamnation.com\/pl\/2026\/03\/04\/airbus-selected-by-the-european-defense-agency-to-expand-the-capabilities-of-its-capa-x-drone\/#organizationLogo"}},{"@type":"Person","@id":"https:\/\/aamnation.com\/pl\/author\/evhnews\/#author","url":"https:\/\/aamnation.com\/pl\/author\/evhnews\/","name":"EVHNews","image":{"@type":"ImageObject","url":"https:\/\/secure.gravatar.com\/avatar\/6aaa381193748eb0a0f3bfcddc76d9a039b8dbbdb1c0a8260da8c44e6e31285a?s=96&d=identicon&r=g"}},{"@type":"WebPage","@id":"https:\/\/aamnation.com\/pl\/2026\/03\/04\/airbus-selected-by-the-european-defense-agency-to-expand-the-capabilities-of-its-capa-x-drone\/#webpage","url":"https:\/\/aamnation.com\/pl\/2026\/03\/04\/airbus-selected-by-the-european-defense-agency-to-expand-the-capabilities-of-its-capa-x-drone\/","name":"Airbus Selected By The European Defense Agency To Expand The Capabilities Of Its Capa-X Drone - AAM Nation","description":"Airbus Helicopters, through its subsidiary Survey Copter, has been selected by the European Defense Agency (EDA) for the Multi Mission Unmanned Aircraft System (M2UAS) project. This strategic contract is part of a series of projects lasting 48 months, with a total budget of approximately \u20ac1.1 million. It involves the study and development of a hybrid","inLanguage":"pl-PL","isPartOf":{"@id":"https:\/\/aamnation.com\/pl\/#website"},"breadcrumb":{"@id":"https:\/\/aamnation.com\/pl\/2026\/03\/04\/airbus-selected-by-the-european-defense-agency-to-expand-the-capabilities-of-its-capa-x-drone\/#breadcrumblist"},"author":{"@id":"https:\/\/aamnation.com\/pl\/author\/evhnews\/#author"},"creator":{"@id":"https:\/\/aamnation.com\/pl\/author\/evhnews\/#author"},"image":{"@type":"ImageObject","url":"https:\/\/i0.wp.com\/aamnation.com\/wp-content\/uploads\/2026\/03\/Airbus-selected-by-the-European-Defence-Agency-to-expand-the-capabilities-of-its-Capa-X-drone.png?fit=1098%2C863&ssl=1","@id":"https:\/\/aamnation.com\/pl\/2026\/03\/04\/airbus-selected-by-the-european-defense-agency-to-expand-the-capabilities-of-its-capa-x-drone\/#mainImage","width":1098,"height":863},"primaryImageOfPage":{"@id":"https:\/\/aamnation.com\/pl\/2026\/03\/04\/airbus-selected-by-the-european-defense-agency-to-expand-the-capabilities-of-its-capa-x-drone\/#mainImage"},"datePublished":"2026-03-04T20:24:31-08:00","dateModified":"2026-03-09T20:33:30-07:00"},{"@type":"WebSite","@id":"https:\/\/aamnation.com\/pl\/#website","url":"https:\/\/aamnation.com\/pl\/","name":"AAM Nation","description":"Is Elevating The Worldwide AAM \/ UAM \/ UAS \/ UAV \/ Air Taxi eVTOL and Flying Car Industry Into The Future!","inLanguage":"pl-PL","publisher":{"@id":"https:\/\/aamnation.com\/pl\/#organization"}}]},"og:locale":"pl_PL","og:site_name":"AAM Nation - Is Elevating The Worldwide AAM \/ UAM \/ UAS \/ UAV \/ Air Taxi eVTOL and Flying Car Industry Into The Future!","og:type":"article","og:title":"Airbus Selected By The European Defense Agency To Expand The Capabilities Of Its Capa-X Drone - AAM Nation","og:description":"Airbus Helicopters, through its subsidiary Survey Copter, has been selected by the European Defense Agency (EDA) for the Multi Mission Unmanned Aircraft System (M2UAS) project. This strategic contract is part of a series of projects lasting 48 months, with a total budget of approximately \u20ac1.1 million. It involves the study and development of a hybrid","og:url":"https:\/\/aamnation.com\/pl\/2026\/03\/04\/airbus-selected-by-the-european-defense-agency-to-expand-the-capabilities-of-its-capa-x-drone\/","og:image":"https:\/\/aamnation.com\/wp-content\/uploads\/2025\/05\/AAM-Logo-2.png","og:image:secure_url":"https:\/\/aamnation.com\/wp-content\/uploads\/2025\/05\/AAM-Logo-2.png","og:image:width":150,"og:image:height":150,"article:published_time":"2026-03-05T04:24:31+00:00","article:modified_time":"2026-03-10T03:33:30+00:00","twitter:card":"summary_large_image","twitter:title":"Airbus Selected By The European Defense Agency To Expand The Capabilities Of Its Capa-X Drone - AAM Nation","twitter:description":"Airbus Helicopters, through its subsidiary Survey Copter, has been selected by the European Defense Agency (EDA) for the Multi Mission Unmanned Aircraft System (M2UAS) project. This strategic contract is part of a series of projects lasting 48 months, with a total budget of approximately \u20ac1.1 million. It involves the study and development of a hybrid","twitter:image":"https:\/\/aamnation.com\/wp-content\/uploads\/2025\/05\/AAM-Logo-2.png"},"aioseo_meta_data":{"post_id":"818","title":null,"description":null,"keywords":null,"keyphrases":null,"primary_term":null,"canonical_url":null,"og_title":null,"og_description":null,"og_object_type":"default","og_image_type":"default","og_image_url":null,"og_image_width":null,"og_image_height":null,"og_image_custom_url":null,"og_image_custom_fields":null,"og_video":null,"og_custom_url":null,"og_article_section":null,"og_article_tags":null,"twitter_use_og":false,"twitter_card":"default","twitter_image_type":"default","twitter_image_url":null,"twitter_image_custom_url":null,"twitter_image_custom_fields":null,"twitter_title":null,"twitter_description":null,"schema":{"blockGraphs":[],"customGraphs":[],"default":{"data":{"Article":[],"Course":[],"Dataset":[],"FAQPage":[],"Movie":[],"Person":[],"Product":[],"ProductReview":[],"Car":[],"Recipe":[],"Service":[],"SoftwareApplication":[],"WebPage":[]},"graphName":"","isEnabled":true},"graphs":[]},"schema_type":"default","schema_type_options":null,"pillar_content":false,"robots_default":true,"robots_noindex":false,"robots_noarchive":false,"robots_nosnippet":false,"robots_nofollow":false,"robots_noimageindex":false,"robots_noodp":false,"robots_notranslate":false,"robots_max_snippet":null,"robots_max_videopreview":null,"robots_max_imagepreview":"large","priority":null,"frequency":null,"local_seo":null,"seo_analyzer_scan_date":"2025-10-08 21:23:12","breadcrumb_settings":null,"limit_modified_date":false,"reviewed_by":null,"open_ai":null,"ai":null,"created":"2025-09-12 02:30:52","updated":"2025-10-08 21:23:12"},"aioseo_breadcrumb":"<div class=\"aioseo-breadcrumbs\"><span class=\"aioseo-breadcrumb\">\n\t<a href=\"https:\/\/aamnation.com\/pl\" title=\"Home\">Home<\/a>\n<\/span><span class=\"aioseo-breadcrumb-separator\">&raquo;<\/span><span class=\"aioseo-breadcrumb\">\n\tAAM &amp; UAM Careers\n<\/span><\/div>","aioseo_breadcrumb_json":[{"label":"Home","link":"https:\/\/aamnation.com\/pl"},{"label":"AAM &#038; UAM Careers","link":"https:\/\/aamnation.com\/pl\/aam-uam-careers\/"}],"jetpack_likes_enabled":true,"jetpack_sharing_enabled":true,"jetpack_shortlink":"https:\/\/wp.me\/Pgg37f-dc","jetpack-related-posts":[],"_links":{"self":[{"href":"https:\/\/aamnation.com\/pl\/wp-json\/wp\/v2\/pages\/818","targetHints":{"allow":["GET"]}}],"collection":[{"href":"https:\/\/aamnation.com\/pl\/wp-json\/wp\/v2\/pages"}],"about":[{"href":"https:\/\/aamnation.com\/pl\/wp-json\/wp\/v2\/types\/page"}],"author":[{"embeddable":true,"href":"https:\/\/aamnation.com\/pl\/wp-json\/wp\/v2\/users\/165558846"}],"replies":[{"embeddable":true,"href":"https:\/\/aamnation.com\/pl\/wp-json\/wp\/v2\/comments?post=818"}],"version-history":[{"count":90,"href":"https:\/\/aamnation.com\/pl\/wp-json\/wp\/v2\/pages\/818\/revisions"}],"predecessor-version":[{"id":1916,"href":"https:\/\/aamnation.com\/pl\/wp-json\/wp\/v2\/pages\/818\/revisions\/1916"}],"wp:attachment":[{"href":"https:\/\/aamnation.com\/pl\/wp-json\/wp\/v2\/media?parent=818"}],"curies":[{"name":"wp","href":"https:\/\/api.w.org\/{rel}","templated":true}]}}